{"id":21558,"date":"2025-06-30T09:42:48","date_gmt":"2025-06-30T09:42:48","guid":{"rendered":"https:\/\/martinezcaballeroabogados.com\/declaracao-de-acessibilidade-martinez-caballero-abogados\/"},"modified":"2025-06-30T10:20:35","modified_gmt":"2025-06-30T10:20:35","slug":"declaracao-de-acessibilidade-martinez-caballero-abogados","status":"publish","type":"page","link":"https:\/\/martinezcaballeroabogados.com\/pt-pt\/declaracao-de-acessibilidade-martinez-caballero-abogados\/","title":{"rendered":"Declara\u00e7\u00e3o de acessibilidade &#8211; Mart\u00ednez &amp; Caballero Abogados"},"content":{"rendered":"\t\t<div data-elementor-type=\"wp-page\" data-elementor-id=\"21558\" class=\"elementor elementor-21558 elementor-21507\" data-elementor-post-type=\"page\">\n\t\t\t\t\t\t<section class=\"elementor-section elementor-top-section elementor-element elementor-element-6a2bafb elementor-section-boxed elementor-section-height-default elementor-section-height-default\" data-id=\"6a2bafb\" data-element_type=\"section\" data-e-type=\"section\">\n\t\t\t\t\t\t<div class=\"elementor-container elementor-column-gap-extended\">\n\t\t\t\t\t<div class=\"elementor-column elementor-col-100 elementor-top-column elementor-element elementor-element-6fa373a sc_inner_width_none sc_layouts_column_icons_position_left\" data-id=\"6fa373a\" data-element_type=\"column\" data-e-type=\"column\">\n\t\t\t<div class=\"elementor-widget-wrap elementor-element-populated\">\n\t\t\t\t\t\t<div class=\"elementor-element elementor-element-fed0e85 sc_fly_static elementor-widget elementor-widget-spacer\" data-id=\"fed0e85\" data-element_type=\"widget\" data-e-type=\"widget\" data-widget_type=\"spacer.default\">\n\t\t\t\t<div class=\"elementor-widget-container\">\n\t\t\t\t\t\t\t<div class=\"elementor-spacer\">\n\t\t\t<div class=\"elementor-spacer-inner\"><\/div>\n\t\t<\/div>\n\t\t\t\t\t\t<\/div>\n\t\t\t\t<\/div>\n\t\t\t\t<div class=\"elementor-element elementor-element-b91076b sc_fly_static elementor-widget elementor-widget-heading\" data-id=\"b91076b\" data-element_type=\"widget\" data-e-type=\"widget\" data-widget_type=\"heading.default\">\n\t\t\t\t<div class=\"elementor-widget-container\">\n\t\t\t\t\t<h1 class=\"elementor-heading-title elementor-size-default\">Declara\u00e7\u00e3o de acessibilidade<\/h1>\t\t\t\t<\/div>\n\t\t\t\t<\/div>\n\t\t\t\t<div class=\"elementor-element elementor-element-3f87708 sc_fly_static elementor-widget elementor-widget-text-editor\" data-id=\"3f87708\" data-element_type=\"widget\" data-e-type=\"widget\" data-widget_type=\"text-editor.default\">\n\t\t\t\t<div class=\"elementor-widget-container\">\n\t\t\t\t\t\t\t\t\t<ol>\n<li><b>Conformidade regulamentar<\/b><b><br><\/b><span style=\"font-weight: 400;\"> Este site tem como objetivo cumprir o Real Decreto 1112\/2018 (evento da Lei 11\/2021) e cumprir, na medida do poss\u00edvel, os crit\u00e9rios de n\u00edvel <\/span><b>AA<\/b><span style=\"font-weight: 400;\"><span style=\"font-weight: 400;\"> das WCAG 2.1.<\/span><\/span>\n<p><\/p>\n<\/li>\n<li><b>  Estado atual da acessibilidade<\/b><\/li>\n<\/ol>\n<ul>\n<li style=\"font-weight: 400;\" aria-level=\"1\"><b>\u00c1reas conformes<\/b><span style=\"font-weight: 400;\">: textos alternativos em imagens, utiliza\u00e7\u00e3o correta de t\u00edtulos, navega\u00e7\u00e3o por teclado, utiliza\u00e7\u00e3o de etiquetas ARIA.<\/span>\n<p><\/p>\n<\/li>\n<li style=\"font-weight: 400;\" aria-level=\"1\"><b>O conte\u00fado abaixo n\u00e3o \u00e9 acess\u00edvel pelas seguintes raz\u00f5es:<\/b><b> <\/b>\n<p><\/p>\n<\/li>\n<li style=\"font-weight: 400;\" aria-level=\"1\"><span style=\"font-weight: 400;\">N\u00e3o cumprimento do RD 1112\/2018.<\/span><\/li>\n<li style=\"font-weight: 400;\" aria-level=\"1\"><span style=\"font-weight: 400;\">Pode haver alguns aspectos de contraste que n\u00e3o satisfa\u00e7am o m\u00ednimo exigido, 3:1, em rela\u00e7\u00e3o \u00e0s cores adjacentes do fundo da sec\u00e7\u00e3o do s\u00edtio Web em quest\u00e3o. [9.1.4.11 Contraste n\u00e3o textual]. <\/span><\/li>\n<li style=\"font-weight: 400;\" aria-level=\"1\"><span style=\"font-weight: 400;\">Poder\u00e1 haver alguns r\u00f3tulos ou instru\u00e7\u00f5es que n\u00e3o estejam corretamente rotulados [9.3.3.2 R\u00f3tulos ou instru\u00e7\u00f5es].<\/span><\/li>\n<li style=\"font-weight: 400;\" aria-level=\"1\"><span style=\"font-weight: 400;\">Pode haver mensagens de estado que n\u00e3o cumpram os requisitos m\u00ednimos [9.4.1.3 Mensagens de estado].<\/span><\/li>\n<li style=\"font-weight: 400;\" aria-level=\"1\"><span style=\"font-weight: 400;\">Podem existir sugest\u00f5es de erros que n\u00e3o cumpram os requisitos m\u00ednimos [9.3.3.3.3 Sugest\u00f5es de erros (condicional)].<\/span><\/li>\n<li style=\"font-weight: 400;\" aria-level=\"1\"><span style=\"font-weight: 400;\">Poder\u00e1 haver erros de edi\u00e7\u00e3o ocasionais em algumas p\u00e1ginas Web.<\/span><\/li>\n<li style=\"font-weight: 400;\" aria-level=\"1\"><span style=\"font-weight: 400;\">Encargos desproporcionados.<\/span>\n<p><\/p>\n<\/li>\n<\/ul>\n<ol start=\"3\">\n<li><b>  Ac\u00e7\u00f5es de melhoria<\/b><\/li>\n<\/ol>\n<ul>\n<li style=\"font-weight: 400;\" aria-level=\"1\"><span style=\"font-weight: 400;\">A partir de junho de 2025, os conte\u00fados PDF e multim\u00e9dia ser\u00e3o revistos e adaptados para cumprirem as WCAG 2.1 AA.<\/span>\n<p><\/p>\n<\/li>\n<li style=\"font-weight: 400;\" aria-level=\"1\"><span style=\"font-weight: 400;\">Semestralmente, ser\u00e1 efectuado um teste com ferramentas (por exemplo, Axe ou WAVE).<\/span>\n<p><\/p>\n<\/li>\n<\/ul>\n<ol start=\"4\">\n<li><b>  Procedimentos de notifica\u00e7\u00e3o<\/b><b><br><\/b> <span style=\"font-weight: 400;\"> Se detectares problemas de acessibilidade, comunica-os a: <\/span><b style=\"font-family: inherit; font-size: 14.8571px; font-style: inherit; letter-spacing: 0px;\">info@martinezcaballeroabogados.com. <\/b>Inclui o URL problem\u00e1tico e a tua recomenda\u00e7\u00e3o. Analisaremos e responderemos no prazo de <b style=\"font-family: inherit; font-size: 14.8571px; font-style: inherit; letter-spacing: 0px;\">5 dias \u00fateis<\/b><span style=\"font-size: 14.8571px; font-weight: 400; letter-spacing: 0px;\">.<\/span> <\/li>\n<\/ol>\n<ol start=\"5\">\n<li><b>  Ferramentas e crit\u00e9rios utilizados<\/b><b><br><\/b><span style=\"font-weight: 400;\">  S\u00e3o utilizadas ferramentas automatizadas (Axe DevTools, WAVE) e revis\u00f5es manuais regulares pela equipa de marketing digital e pelos fornecedores de UX.\n<p><\/p><\/span><\/li>\n<li><b>  Data e pessoa respons\u00e1vel<\/b><\/li>\n<\/ol>\n<ul>\n<li style=\"font-weight: 400;\" aria-level=\"1\"><b>Data da \u00faltima revis\u00e3o:<\/b><span style=\"font-weight: 400;\"> 30 de junho de 2025<\/span>\n<p><\/p>\n<\/li>\n<li style=\"font-weight: 400;\" aria-level=\"1\"><b>Respons\u00e1vel pela conformidade com a acessibilidade:<\/b><span style=\"font-weight: 400;\"> Diretor de Marketing Digital (respons\u00e1vel pelos canais Web)<\/span>\n<p><\/p>\n<\/li>\n<\/ul>\n<p><b>7. Informa\u00e7\u00f5es adicionais e contacto<\/b><b><br><\/b><span style=\"font-weight: 400;\"> Se desejares receber esta declara\u00e7\u00e3o num formato acess\u00edvel (por exemplo, PDF\/taggable ou \u00e1udio-descri\u00e7\u00e3o), podes solicit\u00e1-la atrav\u00e9s do correio indicado.<\/span><\/p>\t\t\t\t\t\t\t\t<\/div>\n\t\t\t\t<\/div>\n\t\t\t\t<div class=\"elementor-element elementor-element-f8ae51a sc_fly_static elementor-widget elementor-widget-spacer\" data-id=\"f8ae51a\" data-element_type=\"widget\" data-e-type=\"widget\" data-widget_type=\"spacer.default\">\n\t\t\t\t<div class=\"elementor-widget-container\">\n\t\t\t\t\t\t\t<div class=\"elementor-spacer\">\n\t\t\t<div class=\"elementor-spacer-inner\"><\/div>\n\t\t<\/div>\n\t\t\t\t\t\t<\/div>\n\t\t\t\t<\/div>\n\t\t\t\t\t<\/div>\n\t\t<\/div>\n\t\t\t\t\t<\/div>\n\t\t<\/section>\n\t\t\t\t<\/div>\n\t\t","protected":false},"excerpt":{"rendered":"<p>Declara\u00e7\u00e3o de acessibilidade Conformidade regulamentar Este site tem como objetivo cumprir o Real Decreto 1112\/2018 (evento da Lei 11\/2021) e cumprir, na medida do poss\u00edvel, os crit\u00e9rios de n\u00edvel AA das WCAG 2.1. Estado atual da acessibilidade \u00c1reas conformes: textos alternativos em imagens, utiliza\u00e7\u00e3o correta de t\u00edtulos, navega\u00e7\u00e3o por teclado, utiliza\u00e7\u00e3o de etiquetas ARIA. O conte\u00fado abaixo n\u00e3o \u00e9 acess\u00edvel pelas seguintes raz\u00f5es: N\u00e3o cumprimento do RD 1112\/2018. Pode haver alguns aspectos de contraste que n\u00e3o satisfa\u00e7am o m\u00ednimo exigido,&hellip;<\/p>\n","protected":false},"author":1,"featured_media":0,"parent":0,"menu_order":0,"comment_status":"closed","ping_status":"closed","template":"","meta":{"_monsterinsights_skip_tracking":false,"_monsterinsights_sitenote_active":false,"_monsterinsights_sitenote_note":"","_monsterinsights_sitenote_category":0,"_joinchat":[],"footnotes":""},"class_list":["post-21558","page","type-page","status-publish","hentry"],"yoast_head":"<!-- This site is optimized with the Yoast SEO plugin v26.8 - https:\/\/yoast.com\/product\/yoast-seo-wordpress\/ -->\n<title>Declara\u00e7\u00e3o de Acessibilidade da Web | M&amp;C Abogados - Martinez Caballero Abogados<\/title>\n<meta name=\"description\" content=\"Consulta a declara\u00e7\u00e3o de acessibilidade de Mart\u00ednez &amp; Caballero Abogados: compromisso com a conformidade com as WCAG e a navega\u00e7\u00e3o inclusiva.\" \/>\n<meta name=\"robots\" content=\"index, follow, max-snippet:-1, max-image-preview:large, max-video-preview:-1\" \/>\n<link rel=\"canonical\" href=\"https:\/\/martinezcaballeroabogados.com\/pt-pt\/declaracao-de-acessibilidade-martinez-caballero-abogados\/\" \/>\n<meta property=\"og:locale\" content=\"pt_PT\" \/>\n<meta property=\"og:type\" content=\"article\" \/>\n<meta property=\"og:title\" content=\"Declara\u00e7\u00e3o de Acessibilidade da Web | M&amp;C Abogados - Martinez Caballero Abogados\" \/>\n<meta property=\"og:description\" content=\"Consulta a declara\u00e7\u00e3o de acessibilidade de Mart\u00ednez &amp; Caballero Abogados: compromisso com a conformidade com as WCAG e a navega\u00e7\u00e3o inclusiva.\" \/>\n<meta property=\"og:url\" content=\"https:\/\/martinezcaballeroabogados.com\/pt-pt\/declaracao-de-acessibilidade-martinez-caballero-abogados\/\" \/>\n<meta property=\"og:site_name\" content=\"Martinez Caballero Abogados\" \/>\n<meta property=\"article:publisher\" content=\"https:\/\/www.facebook.com\/martinezcaballeroabogados\/\" \/>\n<meta property=\"article:modified_time\" content=\"2025-06-30T10:20:35+00:00\" \/>\n<meta name=\"twitter:card\" content=\"summary_large_image\" \/>\n<meta name=\"twitter:site\" content=\"@MC_abogados_\" \/>\n<meta name=\"twitter:label1\" content=\"Tempo estimado de leitura\" \/>\n\t<meta name=\"twitter:data1\" content=\"2 minutos\" \/>\n<script type=\"application\/ld+json\" class=\"yoast-schema-graph\">{\"@context\":\"https:\/\/schema.org\",\"@graph\":[{\"@type\":\"WebPage\",\"@id\":\"https:\/\/martinezcaballeroabogados.com\/pt-pt\/declaracao-de-acessibilidade-martinez-caballero-abogados\/\",\"url\":\"https:\/\/martinezcaballeroabogados.com\/pt-pt\/declaracao-de-acessibilidade-martinez-caballero-abogados\/\",\"name\":\"Declara\u00e7\u00e3o de Acessibilidade da Web | M&C Abogados - Martinez Caballero Abogados\",\"isPartOf\":{\"@id\":\"https:\/\/martinezcaballeroabogados.com\/pt-pt\/#website\"},\"datePublished\":\"2025-06-30T09:42:48+00:00\",\"dateModified\":\"2025-06-30T10:20:35+00:00\",\"description\":\"Consulta a declara\u00e7\u00e3o de acessibilidade de Mart\u00ednez & Caballero Abogados: compromisso com a conformidade com as WCAG e a navega\u00e7\u00e3o inclusiva.\",\"breadcrumb\":{\"@id\":\"https:\/\/martinezcaballeroabogados.com\/pt-pt\/declaracao-de-acessibilidade-martinez-caballero-abogados\/#breadcrumb\"},\"inLanguage\":\"pt-PT\",\"potentialAction\":[{\"@type\":\"ReadAction\",\"target\":[\"https:\/\/martinezcaballeroabogados.com\/pt-pt\/declaracao-de-acessibilidade-martinez-caballero-abogados\/\"]}]},{\"@type\":\"BreadcrumbList\",\"@id\":\"https:\/\/martinezcaballeroabogados.com\/pt-pt\/declaracao-de-acessibilidade-martinez-caballero-abogados\/#breadcrumb\",\"itemListElement\":[{\"@type\":\"ListItem\",\"position\":1,\"name\":\"Portada\",\"item\":\"https:\/\/martinezcaballeroabogados.com\/pt-pt\/advogados-em-barcelona\/\"},{\"@type\":\"ListItem\",\"position\":2,\"name\":\"Declara\u00e7\u00e3o de acessibilidade &#8211; Mart\u00ednez &amp; Caballero Abogados\"}]},{\"@type\":\"WebSite\",\"@id\":\"https:\/\/martinezcaballeroabogados.com\/pt-pt\/#website\",\"url\":\"https:\/\/martinezcaballeroabogados.com\/pt-pt\/\",\"name\":\"Martinez & Caballero Abogados\",\"description\":\"Advogados abrangentes em Barcelona\",\"publisher\":{\"@id\":\"https:\/\/martinezcaballeroabogados.com\/pt-pt\/#organization\"},\"potentialAction\":[{\"@type\":\"SearchAction\",\"target\":{\"@type\":\"EntryPoint\",\"urlTemplate\":\"https:\/\/martinezcaballeroabogados.com\/pt-pt\/?s={search_term_string}\"},\"query-input\":{\"@type\":\"PropertyValueSpecification\",\"valueRequired\":true,\"valueName\":\"search_term_string\"}}],\"inLanguage\":\"pt-PT\"},{\"@type\":\"Organization\",\"@id\":\"https:\/\/martinezcaballeroabogados.com\/pt-pt\/#organization\",\"name\":\"Martinez & Caballero Abogados\",\"url\":\"https:\/\/martinezcaballeroabogados.com\/pt-pt\/\",\"logo\":{\"@type\":\"ImageObject\",\"inLanguage\":\"pt-PT\",\"@id\":\"https:\/\/martinezcaballeroabogados.com\/pt-pt\/#\/schema\/logo\/image\/\",\"url\":\"https:\/\/martinezcaballeroabogados.com\/wp-content\/uploads\/2020\/02\/cropped-cropped-logo-mc-abogados-web-1-e1497812507401-1.png\",\"contentUrl\":\"https:\/\/martinezcaballeroabogados.com\/wp-content\/uploads\/2020\/02\/cropped-cropped-logo-mc-abogados-web-1-e1497812507401-1.png\",\"width\":300,\"height\":150,\"caption\":\"Martinez & Caballero Abogados\"},\"image\":{\"@id\":\"https:\/\/martinezcaballeroabogados.com\/pt-pt\/#\/schema\/logo\/image\/\"},\"sameAs\":[\"https:\/\/www.facebook.com\/martinezcaballeroabogados\/\",\"https:\/\/x.com\/MC_abogados_\",\"https:\/\/www.instagram.com\/extranjeriabarcelonaabogados\/\"]}]}<\/script>\n<!-- \/ Yoast SEO plugin. -->","yoast_head_json":{"title":"Declara\u00e7\u00e3o de Acessibilidade da Web | M&C Abogados - Martinez Caballero Abogados","description":"Consulta a declara\u00e7\u00e3o de acessibilidade de Mart\u00ednez & Caballero Abogados: compromisso com a conformidade com as WCAG e a navega\u00e7\u00e3o inclusiva.","robots":{"index":"index","follow":"follow","max-snippet":"max-snippet:-1","max-image-preview":"max-image-preview:large","max-video-preview":"max-video-preview:-1"},"canonical":"https:\/\/martinezcaballeroabogados.com\/pt-pt\/declaracao-de-acessibilidade-martinez-caballero-abogados\/","og_locale":"pt_PT","og_type":"article","og_title":"Declara\u00e7\u00e3o de Acessibilidade da Web | M&C Abogados - Martinez Caballero Abogados","og_description":"Consulta a declara\u00e7\u00e3o de acessibilidade de Mart\u00ednez & Caballero Abogados: compromisso com a conformidade com as WCAG e a navega\u00e7\u00e3o inclusiva.","og_url":"https:\/\/martinezcaballeroabogados.com\/pt-pt\/declaracao-de-acessibilidade-martinez-caballero-abogados\/","og_site_name":"Martinez Caballero Abogados","article_publisher":"https:\/\/www.facebook.com\/martinezcaballeroabogados\/","article_modified_time":"2025-06-30T10:20:35+00:00","twitter_card":"summary_large_image","twitter_site":"@MC_abogados_","twitter_misc":{"Tempo estimado de leitura":"2 minutos"},"schema":{"@context":"https:\/\/schema.org","@graph":[{"@type":"WebPage","@id":"https:\/\/martinezcaballeroabogados.com\/pt-pt\/declaracao-de-acessibilidade-martinez-caballero-abogados\/","url":"https:\/\/martinezcaballeroabogados.com\/pt-pt\/declaracao-de-acessibilidade-martinez-caballero-abogados\/","name":"Declara\u00e7\u00e3o de Acessibilidade da Web | M&C Abogados - Martinez Caballero Abogados","isPartOf":{"@id":"https:\/\/martinezcaballeroabogados.com\/pt-pt\/#website"},"datePublished":"2025-06-30T09:42:48+00:00","dateModified":"2025-06-30T10:20:35+00:00","description":"Consulta a declara\u00e7\u00e3o de acessibilidade de Mart\u00ednez & Caballero Abogados: compromisso com a conformidade com as WCAG e a navega\u00e7\u00e3o inclusiva.","breadcrumb":{"@id":"https:\/\/martinezcaballeroabogados.com\/pt-pt\/declaracao-de-acessibilidade-martinez-caballero-abogados\/#breadcrumb"},"inLanguage":"pt-PT","potentialAction":[{"@type":"ReadAction","target":["https:\/\/martinezcaballeroabogados.com\/pt-pt\/declaracao-de-acessibilidade-martinez-caballero-abogados\/"]}]},{"@type":"BreadcrumbList","@id":"https:\/\/martinezcaballeroabogados.com\/pt-pt\/declaracao-de-acessibilidade-martinez-caballero-abogados\/#breadcrumb","itemListElement":[{"@type":"ListItem","position":1,"name":"Portada","item":"https:\/\/martinezcaballeroabogados.com\/pt-pt\/advogados-em-barcelona\/"},{"@type":"ListItem","position":2,"name":"Declara\u00e7\u00e3o de acessibilidade &#8211; Mart\u00ednez &amp; Caballero Abogados"}]},{"@type":"WebSite","@id":"https:\/\/martinezcaballeroabogados.com\/pt-pt\/#website","url":"https:\/\/martinezcaballeroabogados.com\/pt-pt\/","name":"Martinez & Caballero Abogados","description":"Advogados abrangentes em Barcelona","publisher":{"@id":"https:\/\/martinezcaballeroabogados.com\/pt-pt\/#organization"},"potentialAction":[{"@type":"SearchAction","target":{"@type":"EntryPoint","urlTemplate":"https:\/\/martinezcaballeroabogados.com\/pt-pt\/?s={search_term_string}"},"query-input":{"@type":"PropertyValueSpecification","valueRequired":true,"valueName":"search_term_string"}}],"inLanguage":"pt-PT"},{"@type":"Organization","@id":"https:\/\/martinezcaballeroabogados.com\/pt-pt\/#organization","name":"Martinez & Caballero Abogados","url":"https:\/\/martinezcaballeroabogados.com\/pt-pt\/","logo":{"@type":"ImageObject","inLanguage":"pt-PT","@id":"https:\/\/martinezcaballeroabogados.com\/pt-pt\/#\/schema\/logo\/image\/","url":"https:\/\/martinezcaballeroabogados.com\/wp-content\/uploads\/2020\/02\/cropped-cropped-logo-mc-abogados-web-1-e1497812507401-1.png","contentUrl":"https:\/\/martinezcaballeroabogados.com\/wp-content\/uploads\/2020\/02\/cropped-cropped-logo-mc-abogados-web-1-e1497812507401-1.png","width":300,"height":150,"caption":"Martinez & Caballero Abogados"},"image":{"@id":"https:\/\/martinezcaballeroabogados.com\/pt-pt\/#\/schema\/logo\/image\/"},"sameAs":["https:\/\/www.facebook.com\/martinezcaballeroabogados\/","https:\/\/x.com\/MC_abogados_","https:\/\/www.instagram.com\/extranjeriabarcelonaabogados\/"]}]}},"_links":{"self":[{"href":"https:\/\/martinezcaballeroabogados.com\/pt-pt\/wp-json\/wp\/v2\/pages\/21558","targetHints":{"allow":["GET"]}}],"collection":[{"href":"https:\/\/martinezcaballeroabogados.com\/pt-pt\/wp-json\/wp\/v2\/pages"}],"about":[{"href":"https:\/\/martinezcaballeroabogados.com\/pt-pt\/wp-json\/wp\/v2\/types\/page"}],"author":[{"embeddable":true,"href":"https:\/\/martinezcaballeroabogados.com\/pt-pt\/wp-json\/wp\/v2\/users\/1"}],"replies":[{"embeddable":true,"href":"https:\/\/martinezcaballeroabogados.com\/pt-pt\/wp-json\/wp\/v2\/comments?post=21558"}],"version-history":[{"count":1,"href":"https:\/\/martinezcaballeroabogados.com\/pt-pt\/wp-json\/wp\/v2\/pages\/21558\/revisions"}],"predecessor-version":[{"id":21559,"href":"https:\/\/martinezcaballeroabogados.com\/pt-pt\/wp-json\/wp\/v2\/pages\/21558\/revisions\/21559"}],"wp:attachment":[{"href":"https:\/\/martinezcaballeroabogados.com\/pt-pt\/wp-json\/wp\/v2\/media?parent=21558"}],"curies":[{"name":"wp","href":"https:\/\/api.w.org\/{rel}","templated":true}]}}