{"id":10057,"date":"2019-02-22T13:22:35","date_gmt":"2019-02-22T13:22:35","guid":{"rendered":"https:\/\/martinezcaballeroabogados.com\/services\/avocats-pour-les-entreprises-et-les-independants-a-barcelone\/"},"modified":"2024-12-01T13:43:06","modified_gmt":"2024-12-01T13:43:06","slug":"avocats-pour-les-entreprises-et-les-independants-a-barcelone","status":"publish","type":"cpt_services","link":"https:\/\/martinezcaballeroabogados.com\/fr\/services\/avocats-pour-les-entreprises-et-les-independants-a-barcelone\/","title":{"rendered":"Avocats pour les entreprises et les ind\u00e9pendants \u00e0 Barcelone"},"content":{"rendered":"\t\t<div data-elementor-type=\"wp-post\" data-elementor-id=\"10057\" class=\"elementor elementor-10057 elementor-1886\" data-elementor-post-type=\"cpt_services\">\n\t\t\t\t\t\t<section class=\"elementor-section elementor-top-section elementor-element elementor-element-27f8fd89 elementor-section-content-top elementor-section-boxed elementor-section-height-default elementor-section-height-default\" data-id=\"27f8fd89\" data-element_type=\"section\" data-e-type=\"section\">\n\t\t\t\t\t\t<div class=\"elementor-container elementor-column-gap-extended\">\n\t\t\t\t\t<div class=\"elementor-column elementor-col-66 elementor-top-column elementor-element elementor-element-5fbef539 sc_inner_width_none sc_layouts_column_icons_position_left\" data-id=\"5fbef539\" data-element_type=\"column\" data-e-type=\"column\">\n\t\t\t<div class=\"elementor-widget-wrap elementor-element-populated\">\n\t\t\t\t\t\t<div class=\"elementor-element elementor-element-cf93c96 sc_fly_static elementor-widget elementor-widget-heading\" data-id=\"cf93c96\" data-element_type=\"widget\" data-e-type=\"widget\" data-widget_type=\"heading.default\">\n\t\t\t\t<div class=\"elementor-widget-container\">\n\t\t\t\t\t<h3 class=\"elementor-heading-title elementor-size-default\">Entreprises, travailleurs ind\u00e9pendants, entrepreneurs et PME<\/h3>\t\t\t\t<\/div>\n\t\t\t\t<\/div>\n\t\t\t\t<div class=\"elementor-element elementor-element-1d656737 sc_fly_static elementor-widget elementor-widget-text-editor\" data-id=\"1d656737\" data-element_type=\"widget\" data-e-type=\"widget\" data-widget_type=\"text-editor.default\">\n\t\t\t\t<div class=\"elementor-widget-container\">\n\t\t\t\t\t\t\t\t\t<p class=\"font_8\">Conseils complets et exhaustifs en mati\u00e8re de fiscalit\u00e9 et d&rsquo;imp\u00f4ts pour les entreprises et les particuliers. Ils ont des connaissances de base et sp\u00e9ciales des lois r\u00e9glementaires. \u00catre entrepreneur Points de service (PAE)<\/p>\n<p class=\"font_8\">Personnes physiques. Ind\u00e9pendant. Conseils et soutien sur les plans d&rsquo;affaires et les projets. Obligations fiscales. Nous conseillons nos clients ind\u00e9pendants sur toutes les questions relatives \u00e0 leur vie fiscale, notamment les imp\u00f4ts tels que la TVA et l&rsquo;imp\u00f4t sur le revenu des personnes physiques, et nous leur offrons un bonus suppl\u00e9mentaire, puisque nous sommes des points de service certifi\u00e9s pour tous les entrepreneurs.<\/p>\n<ul class=\"font_8\">\n<li>\n<p class=\"font_8\">Assistance juridique dans le cadre des plans et projets d&rsquo;entreprise. R\u00e9glementation applicable au secteur et recommandations juridiques n\u00e9cessaires.<\/p>\n<\/li>\n<li>\n<p class=\"font_8\">Inscription, radiation ou modification dans le recensement des entrepreneurs.<\/p>\n<\/li>\n<li>\n<p class=\"font_8\">Taxe sur les activit\u00e9s \u00e9conomiques.  <\/p>\n<\/li>\n<li>\n<p class=\"font_8\">Taxe sur la valeur ajout\u00e9e (TVA)<\/p>\n<\/li>\n<li>\n<p class=\"font_8\">Imp\u00f4t sur le revenu des personnes physiques (IRPF)<\/p>\n<\/li>\n<li>\n<p class=\"font_8\">Soumission des d\u00e9clarations fiscales.<\/p>\n<\/li>\n<\/ul>\n<p class=\"font_8\">Constitution de soci\u00e9t\u00e9s et conseils juridiques.<\/p>\n<ul class=\"font_8\">\n<li>\n<p class=\"font_8\">Conseils sur la forme juridique de l&rsquo;entreprise. Principaux avantages et inconv\u00e9nients.<\/p>\n<\/li>\n<li>\n<p class=\"font_8\">Demande de certification n\u00e9gative du nom de la soci\u00e9t\u00e9 aupr\u00e8s du registre central du commerce.<\/p>\n<\/li>\n<li>\n<p class=\"font_8\">Demande de nom de soci\u00e9t\u00e9.<\/p>\n<\/li>\n<li>\n<p class=\"font_8\">Demande d&rsquo;un num\u00e9ro d&rsquo;identification fiscale aupr\u00e8s de l&rsquo;Agence des imp\u00f4ts.<\/p>\n<\/li>\n<li>\n<p class=\"font_8\">Assistance juridique devant le notaire pour l&rsquo;acte public.<\/p>\n<\/li>\n<li>\n<p class=\"font_8\">Ach\u00e8vement de la taxe sur le transfert des actifs et des actes juridiques document\u00e9s<\/p>\n<\/li>\n<li>\n<p class=\"font_8\">Inscription de la soci\u00e9t\u00e9 au registre provincial du commerce.<\/p>\n<\/li>\n<li>\n<p class=\"font_8\">Des conseils juridiques sur vos obligations fiscales. et le respect de leurs principales obligations fiscales.7<\/p>\n<\/li>\n<\/ul>\n<p class=\"font_8\">Repr\u00e9sentation devant les inspections et les sanctions. Nous assistons les contribuables dans toutes les proc\u00e9dures fiscales, qu&rsquo;elles soient contentieuses ou non. Inspections, contr\u00f4les de valeur, demandes d&rsquo;information ou recours en phase administrative contre l&rsquo;administration fiscale. Consultations \u00e0 la DG Fiscalit\u00e9.<\/p>\n<p>Quel que soit votre probl\u00e8me ou le domaine dans lequel vous avez besoin d&rsquo;un conseil, chez Martinez &amp; Caballero nous sommes pr\u00e9par\u00e9s, n&rsquo;oubliez pas que nous pouvons vous aider juridiquement dans les domaines du droit p\u00e9nal, du droit civil, du droit du travail, du droit administratif, des soci\u00e9t\u00e9s, des travailleurs ind\u00e9pendants, des PME, des entrepreneurs, de la violence domestique, de l&rsquo;immigration et de la nationalit\u00e9 espagnole.  <\/p>\n\t\t\t\t\t\t\t\t<\/div>\n\t\t\t\t<\/div>\n\t\t\t\t\t<\/div>\n\t\t<\/div>\n\t\t\t\t<div class=\"elementor-column elementor-col-33 elementor-top-column elementor-element elementor-element-21d97cf2 sc_inner_width_none sc_layouts_column_icons_position_left\" data-id=\"21d97cf2\" data-element_type=\"column\" data-e-type=\"column\">\n\t\t\t<div class=\"elementor-widget-wrap elementor-element-populated\">\n\t\t\t\t\t\t<div class=\"elementor-element elementor-element-9f5f4dd sc_fly_static elementor-widget elementor-widget-spacer\" data-id=\"9f5f4dd\" data-element_type=\"widget\" data-e-type=\"widget\" data-widget_type=\"spacer.default\">\n\t\t\t\t<div class=\"elementor-widget-container\">\n\t\t\t\t\t\t\t<div class=\"elementor-spacer\">\n\t\t\t<div class=\"elementor-spacer-inner\"><\/div>\n\t\t<\/div>\n\t\t\t\t\t\t<\/div>\n\t\t\t\t<\/div>\n\t\t\t\t<div class=\"elementor-element elementor-element-1d09df1 sc_layouts_hide_on_wide sc_layouts_hide_on_desktop sc_layouts_hide_on_notebook sc_layouts_hide_on_tablet sc_fly_static elementor-widget elementor-widget-spacer\" data-id=\"1d09df1\" data-element_type=\"widget\" data-e-type=\"widget\" data-widget_type=\"spacer.default\">\n\t\t\t\t<div class=\"elementor-widget-container\">\n\t\t\t\t\t\t\t<div class=\"elementor-spacer\">\n\t\t\t<div class=\"elementor-spacer-inner\"><\/div>\n\t\t<\/div>\n\t\t\t\t\t\t<\/div>\n\t\t\t\t<\/div>\n\t\t\t\t<div class=\"elementor-element elementor-element-33ce6471 sc_fly_static elementor-widget elementor-widget-text-editor\" data-id=\"33ce6471\" data-element_type=\"widget\" data-e-type=\"widget\" data-widget_type=\"text-editor.default\">\n\t\t\t\t<div class=\"elementor-widget-container\">\n\t\t\t\t\t\t\t\t\t<h5>DOMAINES DE PRATIQUE :<\/h5>\n\t\t\t\t\t\t\t\t<\/div>\n\t\t\t\t<\/div>\n\t\t\t\t<div class=\"elementor-element elementor-element-67531a0 sc_fly_static elementor-widget elementor-widget-spacer\" data-id=\"67531a0\" data-element_type=\"widget\" data-e-type=\"widget\" data-widget_type=\"spacer.default\">\n\t\t\t\t<div class=\"elementor-widget-container\">\n\t\t\t\t\t\t\t<div class=\"elementor-spacer\">\n\t\t\t<div class=\"elementor-spacer-inner\"><\/div>\n\t\t<\/div>\n\t\t\t\t\t\t<\/div>\n\t\t\t\t<\/div>\n\t\t\t\t<div class=\"elementor-element elementor-element-67fe50b sc_fly_static elementor-widget elementor-widget-text-editor\" data-id=\"67fe50b\" data-element_type=\"widget\" data-e-type=\"widget\" data-widget_type=\"text-editor.default\">\n\t\t\t\t<div class=\"elementor-widget-container\">\n\t\t\t\t\t\t\t\t\t<ul class=\"trx_addons_list_custom\">\n \t<li><a href=\"https:\/\/martinezcaballeroabogados.com\/de\/services\/anwaelte-fuer-einwanderungsrecht-in-barcelona\/\">AFFAIRES \u00c9TRANG\u00c8RES<\/a><\/li>\n \t<li><a href=\"https:\/\/martinezcaballeroabogados.com\/de\/services\/rechtsanwaelte-fuer-strafrecht-in-barcelona\/\">DROIT CRIMINEL<\/a><\/li>\n \t<li><a href=\"https:\/\/martinezcaballeroabogados.com\/de\/services\/anwaelte-fuer-arbeitsrecht-in-barcelona\/\">DROIT DU TRAVAIL<\/a><\/li>\n \t<li><a href=\"https:\/\/martinezcaballeroabogados.com\/de\/services\/anwaelte-fuer-zivilrecht-in-barcelona\/\">DROIT CIVIL<\/a><\/li>\n \t<li><a href=\"https:\/\/martinezcaballeroabogados.com\/de\/services\/anwaelte-fuer-spanische-staatsangehoerigkeit-in-barcelona\/\">NATIONALIT\u00c9 ESPAGNOLE<\/a><\/li>\n \t<li><a href=\"https:\/\/martinezcaballeroabogados.com\/de\/services\/anwaelte-verwaltungsrecht-in-barcelona\/\">DROIT ADMINISTRATIF<\/a><\/li>\n \t<li><a href=\"https:\/\/martinezcaballeroabogados.com\/de\/services\/anwaelte-haeusliche-gewalt-in-barcelona\/\">LA VIOLENCE DOMESTIQUE<\/a><\/li>\n<\/ul>\t\t\t\t\t\t\t\t<\/div>\n\t\t\t\t<\/div>\n\t\t\t\t\t<\/div>\n\t\t<\/div>\n\t\t\t\t\t<\/div>\n\t\t<\/section>\n\t\t\t\t<section class=\"elementor-section elementor-top-section elementor-element elementor-element-72d11b7 elementor-section-boxed elementor-section-height-default elementor-section-height-default\" data-id=\"72d11b7\" data-element_type=\"section\" data-e-type=\"section\">\n\t\t\t\t\t\t<div class=\"elementor-container elementor-column-gap-extended\">\n\t\t\t\t\t<div class=\"elementor-column elementor-col-100 elementor-top-column elementor-element elementor-element-d1165e3 sc_inner_width_none sc_layouts_column_icons_position_left\" data-id=\"d1165e3\" data-element_type=\"column\" data-e-type=\"column\">\n\t\t\t<div class=\"elementor-widget-wrap elementor-element-populated\">\n\t\t\t\t\t\t<div class=\"elementor-element elementor-element-3d042ea elementor-widget-divider--view-line sc_fly_static elementor-widget elementor-widget-divider\" data-id=\"3d042ea\" data-element_type=\"widget\" data-e-type=\"widget\" data-widget_type=\"divider.default\">\n\t\t\t\t<div class=\"elementor-widget-container\">\n\t\t\t\t\t\t\t<div class=\"elementor-divider\">\n\t\t\t<span class=\"elementor-divider-separator\">\n\t\t\t\t\t\t<\/span>\n\t\t<\/div>\n\t\t\t\t\t\t<\/div>\n\t\t\t\t<\/div>\n\t\t\t\t<div class=\"elementor-element elementor-element-fe35870 sc_fly_static elementor-widget elementor-widget-heading\" data-id=\"fe35870\" data-element_type=\"widget\" data-e-type=\"widget\" data-widget_type=\"heading.default\">\n\t\t\t\t<div class=\"elementor-widget-container\">\n\t\t\t\t\t<h3 class=\"elementor-heading-title elementor-size-default\">Contactez d\u00e8s maintenant un avocat sp\u00e9cialis\u00e9 dans les entreprises et les ind\u00e9pendants<\/h3>\t\t\t\t<\/div>\n\t\t\t\t<\/div>\n\t\t\t\t\t<\/div>\n\t\t<\/div>\n\t\t\t\t\t<\/div>\n\t\t<\/section>\n\t\t\t\t<section class=\"elementor-section elementor-top-section elementor-element elementor-element-d7f9909 elementor-section-boxed elementor-section-height-default elementor-section-height-default\" data-id=\"d7f9909\" data-element_type=\"section\" data-e-type=\"section\">\n\t\t\t\t\t\t<div class=\"elementor-container elementor-column-gap-extended\">\n\t\t\t\t\t<div class=\"elementor-column elementor-col-33 elementor-top-column elementor-element elementor-element-40af90e sc_inner_width_none sc_layouts_column_icons_position_left\" data-id=\"40af90e\" data-element_type=\"column\" data-e-type=\"column\">\n\t\t\t<div class=\"elementor-widget-wrap\">\n\t\t\t\t\t\t\t<\/div>\n\t\t<\/div>\n\t\t\t\t<div class=\"elementor-column elementor-col-33 elementor-top-column elementor-element elementor-element-126aa36 sc_inner_width_none sc_layouts_column_icons_position_left\" data-id=\"126aa36\" data-element_type=\"column\" data-e-type=\"column\">\n\t\t\t<div class=\"elementor-widget-wrap elementor-element-populated\">\n\t\t\t\t\t\t<div class=\"elementor-element elementor-element-1a846fa sc_fly_static elementor-widget elementor-widget-html\" data-id=\"1a846fa\" data-element_type=\"widget\" data-e-type=\"widget\" data-widget_type=\"html.default\">\n\t\t\t\t<div class=\"elementor-widget-container\">\n\t\t\t\t\t<div class=\"pipedriveWebForms\" data-pd-webforms=\"https:\/\/webforms.pipedrive.com\/f\/ctqF09DA7ikRhoZfblw9HIBUXPa4lm6mVBFNMOa3jV4uSHCCZKhvEM3Nn4zvzZuzlh\"><script src=\"https:\/\/webforms.pipedrive.com\/f\/loader\"><\/script><\/div>\t\t\t\t<\/div>\n\t\t\t\t<\/div>\n\t\t\t\t<div class=\"elementor-element elementor-element-9e87429 sc_fly_static elementor-widget elementor-widget-text-editor\" data-id=\"9e87429\" data-element_type=\"widget\" data-e-type=\"widget\" data-widget_type=\"text-editor.default\">\n\t\t\t\t<div class=\"elementor-widget-container\">\n\t\t\t\t\t\t\t\t\t<div><strong>CLAUSE DE SYNTH\u00c8SE POLITIQUE DE CONFIDENTIALIT\u00c9 SUR LE WEB<\/strong><\/div>\n<div><strong>Responsable du traitement : APNA ADVOCATS, S.L.P.<\/strong>, CIF B67183491, dont le si\u00e8ge social est situ\u00e9 Plaza Tetu\u00e1n, n\u00ba 40-41, Piso 1\u00ba &#8211; Oficina 1, CP 08010 Barcelona &#8211; Espagne.<\/div>\n<div><strong>Finalit\u00e9 du traitement :<\/strong> r\u00e9pondre aux demandes d&rsquo;information des utilisateurs par l&rsquo;interm\u00e9diaire du site web. G\u00e9rer la prise de rendez-vous par le biais des canaux \u00e9tablis sur le site Web, tant du point de vue du contr\u00f4le des pr\u00e9sences que de l&rsquo;administration et de la facturation. En cas de recours \u00e0 l&rsquo;un des services juridiques, comptables ou de toute autre nature fournis par l&rsquo;entreprise, la finalit\u00e9 peut \u00e9galement \u00eatre la gestion et le contr\u00f4le de la prestation de ce service. Gestion des r\u00e9seaux sociaux.    Le titulaire est pr\u00e9sent sur les m\u00e9dias sociaux. Si vous devenez un adepte des r\u00e9seaux sociaux du Titulaire, le traitement des donn\u00e9es personnelles sera r\u00e9gi par la pr\u00e9sente section, ainsi que par les conditions d&rsquo;utilisation, les politiques de confidentialit\u00e9 et les r\u00e8glements d&rsquo;acc\u00e8s appartenant au r\u00e9seau social qui s&rsquo;applique dans chaque cas et que vous avez pr\u00e9alablement accept\u00e9.<\/div>\n<div><strong>Communications commerciales :<\/strong> Nous ne vous enverrons des communications commerciales, \u00e0 condition qu&rsquo;elles pr\u00e9sentent un int\u00e9r\u00eat pour vous, qu&rsquo;avec votre autorisation pr\u00e9alable, que vous pouvez nous fournir en cochant la case correspondante \u00e9tablie \u00e0 cet effet. Si vous \u00eates client du cabinet, nous pouvons vous envoyer de telles communications sur la base de l&rsquo;article 21 de la LSSCIE, mais vous pouvez toujours demander \u00e0 vous d\u00e9sinscrire et \u00e0 ne plus recevoir de tels envois. <\/div>\n<div><strong>Base de l\u00e9gitimit\u00e9 du traitement :<\/strong> le consentement de la personne concern\u00e9e obtenu en cochant la case correspondante.<\/div>\n<div><strong>Droits relatifs \u00e0 la protection des donn\u00e9es :<\/strong> Vous pouvez exercer vos droits d&rsquo;acc\u00e8s, de rectification, d&rsquo;opposition, de suppression, de limitation du traitement et de portabilit\u00e9 en envoyant un courriel \u00e0 <a href=\"mailto:info@martinezcaballero.com\">info@martinezcaballero.com<\/a> ou \u00e0 notre d\u00e9l\u00e9gu\u00e9 \u00e0 la protection des donn\u00e9es : <a href=\"mailto:equaldpo@equalprotecciondedatos.com\">equaldpo@equalprotecciondedatos.com<\/a>. Si vous estimez que vos droits ne sont pas correctement pris en compte, vous pouvez d\u00e9poser une plainte aupr\u00e8s de l&rsquo;Agence espagnole de protection des donn\u00e9es (AEPD) <a href=\"https:\/\/www.aepd.es\/es\">https:\/\/www.aepd.es\/es.<\/a> <\/div>\n<div>Informations compl\u00e9mentaires<\/div>\n<div>Plus d&rsquo;informations dans : <a href=\"https:\/\/martinezcaballeroabogados.com\/fr\/politique-de-confidentialite\/\">Politique de confidentialit\u00e9.<\/a><\/div>\n\t\t\t\t\t\t\t\t<\/div>\n\t\t\t\t<\/div>\n\t\t\t\t<div class=\"elementor-element elementor-element-468ea36 sc_fly_static elementor-widget elementor-widget-spacer\" data-id=\"468ea36\" data-element_type=\"widget\" data-e-type=\"widget\" data-widget_type=\"spacer.default\">\n\t\t\t\t<div class=\"elementor-widget-container\">\n\t\t\t\t\t\t\t<div class=\"elementor-spacer\">\n\t\t\t<div class=\"elementor-spacer-inner\"><\/div>\n\t\t<\/div>\n\t\t\t\t\t\t<\/div>\n\t\t\t\t<\/div>\n\t\t\t\t\t<\/div>\n\t\t<\/div>\n\t\t\t\t<div class=\"elementor-column elementor-col-33 elementor-top-column elementor-element elementor-element-1f7d965 sc_inner_width_none sc_layouts_column_icons_position_left\" data-id=\"1f7d965\" data-element_type=\"column\" data-e-type=\"column\">\n\t\t\t<div class=\"elementor-widget-wrap\">\n\t\t\t\t\t\t\t<\/div>\n\t\t<\/div>\n\t\t\t\t\t<\/div>\n\t\t<\/section>\n\t\t\t\t<section class=\"elementor-section elementor-top-section elementor-element elementor-element-a06f819 elementor-section-boxed elementor-section-height-default elementor-section-height-default\" data-id=\"a06f819\" data-element_type=\"section\" data-e-type=\"section\">\n\t\t\t\t\t\t<div class=\"elementor-container elementor-column-gap-extended\">\n\t\t\t\t\t<div class=\"elementor-column elementor-col-100 elementor-top-column elementor-element elementor-element-e0c96ef sc_inner_width_none sc_layouts_column_icons_position_left\" data-id=\"e0c96ef\" data-element_type=\"column\" data-e-type=\"column\">\n\t\t\t<div class=\"elementor-widget-wrap elementor-element-populated\">\n\t\t\t\t\t\t<div class=\"elementor-element elementor-element-892d66b elementor-widget-divider--view-line sc_fly_static elementor-widget elementor-widget-divider\" data-id=\"892d66b\" data-element_type=\"widget\" data-e-type=\"widget\" data-widget_type=\"divider.default\">\n\t\t\t\t<div class=\"elementor-widget-container\">\n\t\t\t\t\t\t\t<div class=\"elementor-divider\">\n\t\t\t<span class=\"elementor-divider-separator\">\n\t\t\t\t\t\t<\/span>\n\t\t<\/div>\n\t\t\t\t\t\t<\/div>\n\t\t\t\t<\/div>\n\t\t\t\t\t<\/div>\n\t\t<\/div>\n\t\t\t\t\t<\/div>\n\t\t<\/section>\n\t\t\t\t<section class=\"elementor-section elementor-top-section elementor-element elementor-element-7a5b87c9 elementor-section-boxed elementor-section-height-default elementor-section-height-default\" data-id=\"7a5b87c9\" data-element_type=\"section\" data-e-type=\"section\">\n\t\t\t\t\t\t<div class=\"elementor-container elementor-column-gap-extended\">\n\t\t\t\t\t<div class=\"elementor-column elementor-col-100 elementor-top-column elementor-element elementor-element-26396d65 sc_inner_width_none sc_layouts_column_icons_position_left\" data-id=\"26396d65\" data-element_type=\"column\" data-e-type=\"column\">\n\t\t\t<div class=\"elementor-widget-wrap elementor-element-populated\">\n\t\t\t\t\t\t<div class=\"elementor-element elementor-element-6bc5f06 sc_fly_static elementor-widget elementor-widget-heading\" data-id=\"6bc5f06\" data-element_type=\"widget\" data-e-type=\"widget\" data-widget_type=\"heading.default\">\n\t\t\t\t<div class=\"elementor-widget-container\">\n\t\t\t\t\t<h2 class=\"elementor-heading-title elementor-size-default\">NOUVELLES ET AFFAIRES COURANTES<\/h2>\t\t\t\t<\/div>\n\t\t\t\t<\/div>\n\t\t\t\t<div class=\"elementor-element elementor-element-3487dec sc_fly_static elementor-widget elementor-widget-heading\" data-id=\"3487dec\" data-element_type=\"widget\" data-e-type=\"widget\" data-widget_type=\"heading.default\">\n\t\t\t\t<div class=\"elementor-widget-container\">\n\t\t\t\t\t<h3 class=\"elementor-heading-title elementor-size-default\">Se tenir au courant des affaires courantes<\/h3>\t\t\t\t<\/div>\n\t\t\t\t<\/div>\n\t\t\t\t<div class=\"elementor-element elementor-element-798dff36 sc_fly_static elementor-widget elementor-widget-trx_sc_blogger\" data-id=\"798dff36\" data-element_type=\"widget\" data-e-type=\"widget\" data-widget_type=\"trx_sc_blogger.default\">\n\t\t\t\t<div class=\"elementor-widget-container\">\n\t\t\t\t\t<div  id=\"trx_sc_blogger_1072446610\"\t\tclass=\"sc_blogger sc_blogger_excerpt sc_blogger_excerpt_default\"><div class=\"sc_blogger_content sc_item_content sc_item_posts_container posts_container excerpt_wrap excerpt_3 columns_wrap columns_padding_bottom\">\t\t<div class=\"column-1_3\">\n\t\t<article id=\"post-19466\" \n\tclass=\"post_item post_layout_excerpt post_format_standard post-19466 post type-post status-publish format-standard has-post-thumbnail hentry category-actualites-et-affaires-courantes category-declaration-dimpot-sur-le-revenu category-revenu\"\t data-animation=\"animated fadeIn normal\">\n\t<div class=\"post_featured with_thumb hover_icon\"><img fetchpriority=\"high\" decoding=\"async\" width=\"1170\" height=\"658\" src=\"https:\/\/martinezcaballeroabogados.com\/wp-content\/uploads\/2024\/06\/Entendiendo-los-Resultados-de-tu-Declaracion-de-la-Renta-Por-que-Pagar-o-Devolver-1-1170x658.webp\" class=\"attachment-pearsonspecter-thumb-huge size-pearsonspecter-thumb-huge wp-post-image\" alt=\"Persona rellena el formulario\" srcset=\"https:\/\/martinezcaballeroabogados.com\/wp-content\/uploads\/2024\/06\/Entendiendo-los-Resultados-de-tu-Declaracion-de-la-Renta-Por-que-Pagar-o-Devolver-1-1170x658.webp 1170w, https:\/\/martinezcaballeroabogados.com\/wp-content\/uploads\/2024\/06\/Entendiendo-los-Resultados-de-tu-Declaracion-de-la-Renta-Por-que-Pagar-o-Devolver-1-370x208.webp 370w, https:\/\/martinezcaballeroabogados.com\/wp-content\/uploads\/2024\/06\/Entendiendo-los-Resultados-de-tu-Declaracion-de-la-Renta-Por-que-Pagar-o-Devolver-1-270x152.webp 270w\" sizes=\"(max-width: 1170px) 100vw, 1170px\" \/>\t\t\t\t\t\t<div class=\"mask\"><\/div>\n\t\t\t\t\t\t\t\t\t<div class=\"icons\"><a href=\"https:\/\/martinezcaballeroabogados.com\/fr\/comprendre-les-resultats-de-votre-declaration-dimpots-pourquoi-payer-ou-rembourser\/\"  aria-hidden=\"true\" class=\"icon-add\"><\/a><\/div>\n\t\t\t<\/div>\t\t<div class=\"post_header entry-header\">\n\t\t\t<h2 class=\"post_title entry-title\"><a href=\"https:\/\/martinezcaballeroabogados.com\/fr\/comprendre-les-resultats-de-votre-declaration-dimpots-pourquoi-payer-ou-rembourser\/\" rel=\"bookmark\">Comprendre les r\u00e9sultats de votre d\u00e9claration d&rsquo;imp\u00f4ts : pourquoi payer ou rembourser ?<\/a><\/h2>\t\t<\/div><!-- .post_header -->\n\t\t\t\t<div class=\"post_content entry-content\">\n\t\t\t<div class=\"post_content_inner\">Il est fr\u00e9quent que les contribuables soient surpris d'apprendre qu'ils doivent payer des imp\u00f4ts suppl\u00e9mentaires ou qu'ils recevront un remboursement sur leur d\u00e9claration d'imp\u00f4ts. Dans cet article, nous examinerons les raisons de ces r\u00e9sultats divergents et nous vous donnerons des conseils pratiques pour influencer le r\u00e9sultat de votre d\u00e9claration d'imp\u00f4ts.  \n\nL'un des facteurs les plus importants qui d\u00e9terminent si vous allez payer ou recevoir un remboursement est le niveau de retenue \u00e0 la source que vous avez effectu\u00e9 au&hellip;<\/div>\t\t<div class=\"post_meta\">\n\t\t\t<span class=\"post_meta_item post_date\"><a href=\"https:\/\/martinezcaballeroabogados.com\/fr\/comprendre-les-resultats-de-votre-declaration-dimpots-pourquoi-payer-ou-rembourser\/\">6 juin 2024<\/a><\/span> <a class=\"post_meta_item post_author\" rel=\"author\" href=\"https:\/\/martinezcaballeroabogados.com\/fr\/author\/martinez-admin\/\"><span class=\"post_author_avatar\"><img alt='' src='https:\/\/secure.gravatar.com\/avatar\/e75c4c04fb977670e5006b7e6fc3f34d?s=32&#038;d=mm&#038;r=g' srcset='https:\/\/secure.gravatar.com\/avatar\/e75c4c04fb977670e5006b7e6fc3f34d?s=64&#038;d=mm&#038;r=g 2x' class='avatar avatar-32 photo' height='32' width='32' \/><\/span><span class=\"post_author_name\">martinez-admin<\/span><\/a> <span class=\"post_meta_item post_categories\"><a href=\"https:\/\/martinezcaballeroabogados.com\/fr\/category\/actualites-et-affaires-courantes\/\" rel=\"category tag\">Actualit\u00e9s et affaires courantes<\/a>, <a href=\"https:\/\/martinezcaballeroabogados.com\/fr\/category\/declaration-dimpot-sur-le-revenu\/\" rel=\"category tag\">D\u00e9claration d'imp\u00f4t sur le revenu<\/a>, <a href=\"https:\/\/martinezcaballeroabogados.com\/fr\/category\/revenu\/\" rel=\"category tag\">Revenu<\/a><\/span> <span class=\"post_meta_item post_share\"><div class=\"socials_share socials_size_tiny socials_type_drop socials_dir_horizontal\"><a href=\"#\" class=\"socials_caption\"><span class=\"socials_caption_label\">Share<\/span><\/a><span class=\"social_items\"><a class=\"social_item social_item_popup\" href=\"https:\/\/twitter.com\/intent\/tweet?text=Comprendre+les+r%C3%A9sultats+de+votre+d%C3%A9claration+d%26rsquo%3Bimp%C3%B4ts+%3A+pourquoi+payer+ou+rembourser+%3F&#038;url=https%3A%2F%2Fmartinezcaballeroabogados.com%2Ffr%2Fcomprendre-les-resultats-de-votre-declaration-dimpots-pourquoi-payer-ou-rembourser%2F\" data-link=\"https:\/\/twitter.com\/intent\/tweet?text=Comprendre les r\u00e9sultats de votre d\u00e9claration d&rsquo;imp\u00f4ts : pourquoi payer ou rembourser ?&amp;url=https%3A%2F%2Fmartinezcaballeroabogados.com%2Ffr%2Fcomprendre-les-resultats-de-votre-declaration-dimpots-pourquoi-payer-ou-rembourser%2F\" data-count=\"twitter\"><span class=\"social_icon social_icon_twitter sc_icon_type_icons\"><span class=\"trx_addons_icon-twitter\"><\/span><i>Twitter<\/i><\/span><\/a><a class=\"social_item social_item_popup\" href=\"http:\/\/www.facebook.com\/sharer\/sharer.php?u=https%3A%2F%2Fmartinezcaballeroabogados.com%2Ffr%2Fcomprendre-les-resultats-de-votre-declaration-dimpots-pourquoi-payer-ou-rembourser%2F\" data-link=\"http:\/\/www.facebook.com\/sharer\/sharer.php?u=https%3A%2F%2Fmartinezcaballeroabogados.com%2Ffr%2Fcomprendre-les-resultats-de-votre-declaration-dimpots-pourquoi-payer-ou-rembourser%2F\" data-count=\"facebook\"><span class=\"social_icon social_icon_facebook sc_icon_type_icons\"><span class=\"trx_addons_icon-facebook\"><\/span><i>Facebook<\/i><\/span><\/a><\/span><\/div><\/span> \t\t<\/div><!-- .post_meta -->\n\t\t<p><a class=\"more-link\" href=\"https:\/\/martinezcaballeroabogados.com\/fr\/comprendre-les-resultats-de-votre-declaration-dimpots-pourquoi-payer-ou-rembourser\/\">Read more<\/a><\/p>\t\t<\/div><!-- .entry-content -->\n\t\t<\/article>\n\t\t<\/div>\n\t\t\t\t<div class=\"column-1_3\">\n\t\t<article id=\"post-10078\" \n\tclass=\"post_item post_layout_excerpt post_format_standard post-10078 post type-post status-publish format-standard has-post-thumbnail hentry category-actualites-et-affaires-courantes category-covid-fr category-numerisation category-pandemie category-societes-et-independants\"\t data-animation=\"animated fadeIn normal\">\n\t<div class=\"post_featured with_thumb hover_icon\"><img decoding=\"async\" width=\"1170\" height=\"658\" src=\"https:\/\/martinezcaballeroabogados.com\/wp-content\/uploads\/2022\/08\/como-digitalizar-tu-negocio-tu-empresa-en-la-era-post-pandemia-1170x658.webp\" class=\"attachment-pearsonspecter-thumb-huge size-pearsonspecter-thumb-huge wp-post-image\" alt=\"Emprendedora revisando la situaci\u00f3n su negocio\" srcset=\"https:\/\/martinezcaballeroabogados.com\/wp-content\/uploads\/2022\/08\/como-digitalizar-tu-negocio-tu-empresa-en-la-era-post-pandemia-1170x658.webp 1170w, https:\/\/martinezcaballeroabogados.com\/wp-content\/uploads\/2022\/08\/como-digitalizar-tu-negocio-tu-empresa-en-la-era-post-pandemia-370x208.webp 370w, https:\/\/martinezcaballeroabogados.com\/wp-content\/uploads\/2022\/08\/como-digitalizar-tu-negocio-tu-empresa-en-la-era-post-pandemia-270x152.webp 270w\" sizes=\"(max-width: 1170px) 100vw, 1170px\" \/>\t\t\t\t\t\t<div class=\"mask\"><\/div>\n\t\t\t\t\t\t\t\t\t<div class=\"icons\"><a href=\"https:\/\/martinezcaballeroabogados.com\/fr\/comment-aider-mon-entreprise-a-survivre-a-lenvironnement-post-pandemique-dans-lequel-nous-vivons-et-a-la-ruee-vers-lere-numerique\/\"  aria-hidden=\"true\" class=\"icon-add\"><\/a><\/div>\n\t\t\t<\/div>\t\t<div class=\"post_header entry-header\">\n\t\t\t<h2 class=\"post_title entry-title\"><a href=\"https:\/\/martinezcaballeroabogados.com\/fr\/comment-aider-mon-entreprise-a-survivre-a-lenvironnement-post-pandemique-dans-lequel-nous-vivons-et-a-la-ruee-vers-lere-numerique\/\" rel=\"bookmark\">Comment aider mon entreprise \u00e0 survivre \u00e0 l&rsquo;environnement POST PANDEMIQUE dans lequel nous vivons et \u00e0 la ru\u00e9e vers l&rsquo;\u00e8re num\u00e9rique ?<\/a><\/h2>\t\t<\/div><!-- .post_header -->\n\t\t\t\t<div class=\"post_content entry-content\">\n\t\t\t<div class=\"post_content_inner\">Les gens d&rsquo;abord. \nAvant le  PANDEMIE nous parlions du fait que nous vivons ensemble, au niveau professionnel et personnel, dans des environnements qui sont  V.U.C.A  \n  Volatilit\u00e9 &#8211; Incertitude &#8211; Complexit\u00e9 &#8211; Ambigu\u00eft\u00e9 \nCependant, dans une situation de pand\u00e9mie et \u00e0 posteriori, l&rsquo;environnement a d\u00e9j\u00e0 saut\u00e9 \u00e0 la c\u00e9l\u00e8bre  B.A.N.I.,  Vous ne savez pas ce que c&rsquo;est ? \nEh bien, je vais vous le dire d&rsquo;une mani\u00e8re rapide afin que nous puissions nous situer,&hellip;<\/div>\t\t<div class=\"post_meta\">\n\t\t\t<span class=\"post_meta_item post_date\"><a href=\"https:\/\/martinezcaballeroabogados.com\/fr\/comment-aider-mon-entreprise-a-survivre-a-lenvironnement-post-pandemique-dans-lequel-nous-vivons-et-a-la-ruee-vers-lere-numerique\/\">5 ao\u00fbt 2022<\/a><\/span> <a class=\"post_meta_item post_author\" rel=\"author\" href=\"https:\/\/martinezcaballeroabogados.com\/fr\/author\/martinez-admin\/\"><span class=\"post_author_avatar\"><img alt='' src='https:\/\/secure.gravatar.com\/avatar\/e75c4c04fb977670e5006b7e6fc3f34d?s=32&#038;d=mm&#038;r=g' srcset='https:\/\/secure.gravatar.com\/avatar\/e75c4c04fb977670e5006b7e6fc3f34d?s=64&#038;d=mm&#038;r=g 2x' class='avatar avatar-32 photo' height='32' width='32' \/><\/span><span class=\"post_author_name\">martinez-admin<\/span><\/a> <span class=\"post_meta_item post_categories\"><a href=\"https:\/\/martinezcaballeroabogados.com\/fr\/category\/actualites-et-affaires-courantes\/\" rel=\"category tag\">Actualit\u00e9s et affaires courantes<\/a>, <a href=\"https:\/\/martinezcaballeroabogados.com\/fr\/category\/covid-fr\/\" rel=\"category tag\">Covid<\/a>, <a href=\"https:\/\/martinezcaballeroabogados.com\/fr\/category\/numerisation\/\" rel=\"category tag\">Num\u00e9risation<\/a>, <a href=\"https:\/\/martinezcaballeroabogados.com\/fr\/category\/pandemie\/\" rel=\"category tag\">Pand\u00e9mie<\/a>, <a href=\"https:\/\/martinezcaballeroabogados.com\/fr\/category\/societes-et-independants\/\" rel=\"category tag\">Soci\u00e9t\u00e9s et ind\u00e9pendants<\/a><\/span> <span class=\"post_meta_item post_share\"><div class=\"socials_share socials_size_tiny socials_type_drop socials_dir_horizontal\"><a href=\"#\" class=\"socials_caption\"><span class=\"socials_caption_label\">Share<\/span><\/a><span class=\"social_items\"><a class=\"social_item social_item_popup\" href=\"https:\/\/twitter.com\/intent\/tweet?text=Comment+aider+mon+entreprise+%C3%A0+survivre+%C3%A0+l%26rsquo%3Benvironnement+POST+PANDEMIQUE+dans+lequel+nous+vivons+et+%C3%A0+la+ru%C3%A9e+vers+l%26rsquo%3B%C3%A8re+num%C3%A9rique+%3F&#038;url=https%3A%2F%2Fmartinezcaballeroabogados.com%2Ffr%2Fcomment-aider-mon-entreprise-a-survivre-a-lenvironnement-post-pandemique-dans-lequel-nous-vivons-et-a-la-ruee-vers-lere-numerique%2F\" data-link=\"https:\/\/twitter.com\/intent\/tweet?text=Comment aider mon entreprise \u00e0 survivre \u00e0 l&rsquo;environnement POST PANDEMIQUE dans lequel nous vivons et \u00e0 la ru\u00e9e vers l&rsquo;\u00e8re num\u00e9rique ?&amp;url=https%3A%2F%2Fmartinezcaballeroabogados.com%2Ffr%2Fcomment-aider-mon-entreprise-a-survivre-a-lenvironnement-post-pandemique-dans-lequel-nous-vivons-et-a-la-ruee-vers-lere-numerique%2F\" data-count=\"twitter\"><span class=\"social_icon social_icon_twitter sc_icon_type_icons\"><span class=\"trx_addons_icon-twitter\"><\/span><i>Twitter<\/i><\/span><\/a><a class=\"social_item social_item_popup\" href=\"http:\/\/www.facebook.com\/sharer\/sharer.php?u=https%3A%2F%2Fmartinezcaballeroabogados.com%2Ffr%2Fcomment-aider-mon-entreprise-a-survivre-a-lenvironnement-post-pandemique-dans-lequel-nous-vivons-et-a-la-ruee-vers-lere-numerique%2F\" data-link=\"http:\/\/www.facebook.com\/sharer\/sharer.php?u=https%3A%2F%2Fmartinezcaballeroabogados.com%2Ffr%2Fcomment-aider-mon-entreprise-a-survivre-a-lenvironnement-post-pandemique-dans-lequel-nous-vivons-et-a-la-ruee-vers-lere-numerique%2F\" data-count=\"facebook\"><span class=\"social_icon social_icon_facebook sc_icon_type_icons\"><span class=\"trx_addons_icon-facebook\"><\/span><i>Facebook<\/i><\/span><\/a><\/span><\/div><\/span> \t\t<\/div><!-- .post_meta -->\n\t\t<p><a class=\"more-link\" href=\"https:\/\/martinezcaballeroabogados.com\/fr\/comment-aider-mon-entreprise-a-survivre-a-lenvironnement-post-pandemique-dans-lequel-nous-vivons-et-a-la-ruee-vers-lere-numerique\/\">Read more<\/a><\/p>\t\t<\/div><!-- .entry-content -->\n\t\t<\/article>\n\t\t<\/div>\n\t\t\t\t<div class=\"column-1_3\">\n\t\t<article id=\"post-10082\" \n\tclass=\"post_item post_layout_excerpt post_format_standard post-10082 post type-post status-publish format-standard has-post-thumbnail hentry category-actualites-et-affaires-courantes category-societes-et-independants\"\t data-animation=\"animated fadeIn normal\">\n\t<div class=\"post_featured with_thumb hover_icon\"><img decoding=\"async\" width=\"1170\" height=\"658\" src=\"https:\/\/martinezcaballeroabogados.com\/wp-content\/uploads\/2022\/05\/por-que-es-importante-hacer-la-renta-con-un-profesional-1170x658.webp\" class=\"attachment-pearsonspecter-thumb-huge size-pearsonspecter-thumb-huge wp-post-image\" alt=\"Aut\u00f3nomo emprendedor revisando documentaci\u00f3n de su empresa\" srcset=\"https:\/\/martinezcaballeroabogados.com\/wp-content\/uploads\/2022\/05\/por-que-es-importante-hacer-la-renta-con-un-profesional-1170x658.webp 1170w, https:\/\/martinezcaballeroabogados.com\/wp-content\/uploads\/2022\/05\/por-que-es-importante-hacer-la-renta-con-un-profesional-370x208.webp 370w, https:\/\/martinezcaballeroabogados.com\/wp-content\/uploads\/2022\/05\/por-que-es-importante-hacer-la-renta-con-un-profesional-270x152.webp 270w\" sizes=\"(max-width: 1170px) 100vw, 1170px\" \/>\t\t\t\t\t\t<div class=\"mask\"><\/div>\n\t\t\t\t\t\t\t\t\t<div class=\"icons\"><a href=\"https:\/\/martinezcaballeroabogados.com\/fr\/pourquoi-est-il-important-de-louer-avec-un-professionnel\/\"  aria-hidden=\"true\" class=\"icon-add\"><\/a><\/div>\n\t\t\t<\/div>\t\t<div class=\"post_header entry-header\">\n\t\t\t<h2 class=\"post_title entry-title\"><a href=\"https:\/\/martinezcaballeroabogados.com\/fr\/pourquoi-est-il-important-de-louer-avec-un-professionnel\/\" rel=\"bookmark\">Pourquoi est-il important de louer avec un professionnel ?<\/a><\/h2>\t\t<\/div><!-- .post_header -->\n\t\t\t\t<div class=\"post_content entry-content\">\n\t\t\t<div class=\"post_content_inner\">Vous \u00eates-vous d\u00e9j\u00e0 demand\u00e9 pourquoi il existe une telle diff\u00e9rence de prix lorsqu&rsquo;il s&rsquo;agit de faire appel \u00e0 un service pour remplir votre d\u00e9claration de revenus ? Quand vient le moment de payer ses imp\u00f4ts, la chose la plus normale \u00e0 faire est de chercher sur Google, Wallapop, Milanuncios ou d&rsquo;autres plateformes o\u00f9 des services peuvent \u00eatre propos\u00e9s, la vari\u00e9t\u00e9 des prix est curieuse. Comment est-il possible que pour le m\u00eame service on puisse vous demander 20, 30 ou 40&hellip;<\/div>\t\t<div class=\"post_meta\">\n\t\t\t<span class=\"post_meta_item post_date\"><a href=\"https:\/\/martinezcaballeroabogados.com\/fr\/pourquoi-est-il-important-de-louer-avec-un-professionnel\/\">10 mai 2022<\/a><\/span> <a class=\"post_meta_item post_author\" rel=\"author\" href=\"https:\/\/martinezcaballeroabogados.com\/fr\/author\/martinez-admin\/\"><span class=\"post_author_avatar\"><img alt='' src='https:\/\/secure.gravatar.com\/avatar\/e75c4c04fb977670e5006b7e6fc3f34d?s=32&#038;d=mm&#038;r=g' srcset='https:\/\/secure.gravatar.com\/avatar\/e75c4c04fb977670e5006b7e6fc3f34d?s=64&#038;d=mm&#038;r=g 2x' class='avatar avatar-32 photo' height='32' width='32' \/><\/span><span class=\"post_author_name\">martinez-admin<\/span><\/a> <span class=\"post_meta_item post_categories\"><a href=\"https:\/\/martinezcaballeroabogados.com\/fr\/category\/actualites-et-affaires-courantes\/\" rel=\"category tag\">Actualit\u00e9s et affaires courantes<\/a>, <a href=\"https:\/\/martinezcaballeroabogados.com\/fr\/category\/societes-et-independants\/\" rel=\"category tag\">Soci\u00e9t\u00e9s et ind\u00e9pendants<\/a><\/span> <span class=\"post_meta_item post_share\"><div class=\"socials_share socials_size_tiny socials_type_drop socials_dir_horizontal\"><a href=\"#\" class=\"socials_caption\"><span class=\"socials_caption_label\">Share<\/span><\/a><span class=\"social_items\"><a class=\"social_item social_item_popup\" href=\"https:\/\/twitter.com\/intent\/tweet?text=Pourquoi+est-il+important+de+louer+avec+un+professionnel+%3F&#038;url=https%3A%2F%2Fmartinezcaballeroabogados.com%2Ffr%2Fpourquoi-est-il-important-de-louer-avec-un-professionnel%2F\" data-link=\"https:\/\/twitter.com\/intent\/tweet?text=Pourquoi est-il important de louer avec un professionnel ?&amp;url=https%3A%2F%2Fmartinezcaballeroabogados.com%2Ffr%2Fpourquoi-est-il-important-de-louer-avec-un-professionnel%2F\" data-count=\"twitter\"><span class=\"social_icon social_icon_twitter sc_icon_type_icons\"><span class=\"trx_addons_icon-twitter\"><\/span><i>Twitter<\/i><\/span><\/a><a class=\"social_item social_item_popup\" href=\"http:\/\/www.facebook.com\/sharer\/sharer.php?u=https%3A%2F%2Fmartinezcaballeroabogados.com%2Ffr%2Fpourquoi-est-il-important-de-louer-avec-un-professionnel%2F\" data-link=\"http:\/\/www.facebook.com\/sharer\/sharer.php?u=https%3A%2F%2Fmartinezcaballeroabogados.com%2Ffr%2Fpourquoi-est-il-important-de-louer-avec-un-professionnel%2F\" data-count=\"facebook\"><span class=\"social_icon social_icon_facebook sc_icon_type_icons\"><span class=\"trx_addons_icon-facebook\"><\/span><i>Facebook<\/i><\/span><\/a><\/span><\/div><\/span> \t\t<\/div><!-- .post_meta -->\n\t\t<p><a class=\"more-link\" href=\"https:\/\/martinezcaballeroabogados.com\/fr\/pourquoi-est-il-important-de-louer-avec-un-professionnel\/\">Read more<\/a><\/p>\t\t<\/div><!-- .entry-content -->\n\t\t<\/article>\n\t\t<\/div>\n\t\t<\/div><\/div>\t\t\t\t<\/div>\n\t\t\t\t<\/div>\n\t\t\t\t\t<\/div>\n\t\t<\/div>\n\t\t\t\t\t<\/div>\n\t\t<\/section>\n\t\t\t\t<\/div>\n\t\t","protected":false},"excerpt":{"rendered":"<p>Conseils complets et exhaustifs en mati\u00e8re de fiscalit\u00e9 et d&rsquo;imp\u00f4ts pour les entreprises et les particuliers.<\/p>\n","protected":false},"author":1,"featured_media":8056,"comment_status":"closed","ping_status":"closed","template":"","cpt_services_group":[26],"class_list":["post-10057","cpt_services","type-cpt_services","status-publish","has-post-thumbnail","hentry","cpt_services_group-areas-of-practice"],"yoast_head":"<!-- This site is optimized with the Yoast SEO plugin v26.8 - https:\/\/yoast.com\/product\/yoast-seo-wordpress\/ -->\n<title>Avocats soci\u00e9t\u00e9s et ind\u00e9pendants - Martinez Caballero Abogados<\/title>\n<meta name=\"description\" content=\"Mart\u00ednez Caballero Abogados est un cabinet d&#039;avocats sp\u00e9cialis\u00e9 id\u00e9al pour les entreprises et les ind\u00e9pendants, nous travaillons avec d\u00e9vouement pour nos clients.\" \/>\n<meta name=\"robots\" content=\"index, follow, max-snippet:-1, max-image-preview:large, max-video-preview:-1\" \/>\n<link rel=\"canonical\" href=\"https:\/\/martinezcaballeroabogados.com\/fr\/services\/avocats-pour-les-entreprises-et-les-independants-a-barcelone\/\" \/>\n<meta property=\"og:locale\" content=\"fr_FR\" \/>\n<meta property=\"og:type\" content=\"article\" \/>\n<meta property=\"og:title\" content=\"Avocats soci\u00e9t\u00e9s et ind\u00e9pendants - Martinez Caballero Abogados\" \/>\n<meta property=\"og:description\" content=\"Mart\u00ednez Caballero Abogados est un cabinet d&#039;avocats sp\u00e9cialis\u00e9 id\u00e9al pour les entreprises et les ind\u00e9pendants, nous travaillons avec d\u00e9vouement pour nos clients.\" \/>\n<meta property=\"og:url\" content=\"https:\/\/martinezcaballeroabogados.com\/fr\/services\/avocats-pour-les-entreprises-et-les-independants-a-barcelone\/\" \/>\n<meta property=\"og:site_name\" content=\"Martinez Caballero Abogados\" \/>\n<meta property=\"article:publisher\" content=\"https:\/\/www.facebook.com\/martinezcaballeroabogados\/\" \/>\n<meta property=\"article:modified_time\" content=\"2024-12-01T13:43:06+00:00\" \/>\n<meta property=\"og:image\" content=\"https:\/\/martinezcaballeroabogados.com\/wp-content\/uploads\/2019\/02\/asesoria-legal-para-autonomos-empresas-pymes.webp\" \/>\n\t<meta property=\"og:image:width\" content=\"1980\" \/>\n\t<meta property=\"og:image:height\" content=\"1320\" \/>\n\t<meta property=\"og:image:type\" content=\"image\/webp\" \/>\n<meta name=\"twitter:card\" content=\"summary_large_image\" \/>\n<meta name=\"twitter:site\" content=\"@MC_abogados_\" \/>\n<meta name=\"twitter:label1\" content=\"Dur\u00e9e de lecture estim\u00e9e\" \/>\n\t<meta name=\"twitter:data1\" content=\"6 minutes\" \/>\n<script type=\"application\/ld+json\" class=\"yoast-schema-graph\">{\"@context\":\"https:\/\/schema.org\",\"@graph\":[{\"@type\":\"WebPage\",\"@id\":\"https:\/\/martinezcaballeroabogados.com\/fr\/services\/avocats-pour-les-entreprises-et-les-independants-a-barcelone\/\",\"url\":\"https:\/\/martinezcaballeroabogados.com\/fr\/services\/avocats-pour-les-entreprises-et-les-independants-a-barcelone\/\",\"name\":\"Avocats soci\u00e9t\u00e9s et ind\u00e9pendants - Martinez Caballero Abogados\",\"isPartOf\":{\"@id\":\"https:\/\/martinezcaballeroabogados.com\/fr\/#website\"},\"primaryImageOfPage\":{\"@id\":\"https:\/\/martinezcaballeroabogados.com\/fr\/services\/avocats-pour-les-entreprises-et-les-independants-a-barcelone\/#primaryimage\"},\"image\":{\"@id\":\"https:\/\/martinezcaballeroabogados.com\/fr\/services\/avocats-pour-les-entreprises-et-les-independants-a-barcelone\/#primaryimage\"},\"thumbnailUrl\":\"https:\/\/martinezcaballeroabogados.com\/wp-content\/uploads\/2019\/02\/asesoria-legal-para-autonomos-empresas-pymes.webp\",\"datePublished\":\"2019-02-22T13:22:35+00:00\",\"dateModified\":\"2024-12-01T13:43:06+00:00\",\"description\":\"Mart\u00ednez Caballero Abogados est un cabinet d'avocats sp\u00e9cialis\u00e9 id\u00e9al pour les entreprises et les ind\u00e9pendants, nous travaillons avec d\u00e9vouement pour nos clients.\",\"breadcrumb\":{\"@id\":\"https:\/\/martinezcaballeroabogados.com\/fr\/services\/avocats-pour-les-entreprises-et-les-independants-a-barcelone\/#breadcrumb\"},\"inLanguage\":\"fr-FR\",\"potentialAction\":[{\"@type\":\"ReadAction\",\"target\":[\"https:\/\/martinezcaballeroabogados.com\/fr\/services\/avocats-pour-les-entreprises-et-les-independants-a-barcelone\/\"]}]},{\"@type\":\"ImageObject\",\"inLanguage\":\"fr-FR\",\"@id\":\"https:\/\/martinezcaballeroabogados.com\/fr\/services\/avocats-pour-les-entreprises-et-les-independants-a-barcelone\/#primaryimage\",\"url\":\"https:\/\/martinezcaballeroabogados.com\/wp-content\/uploads\/2019\/02\/asesoria-legal-para-autonomos-empresas-pymes.webp\",\"contentUrl\":\"https:\/\/martinezcaballeroabogados.com\/wp-content\/uploads\/2019\/02\/asesoria-legal-para-autonomos-empresas-pymes.webp\",\"width\":1980,\"height\":1320,\"caption\":\"Emprendedora caminando con una agenda en la mano\"},{\"@type\":\"BreadcrumbList\",\"@id\":\"https:\/\/martinezcaballeroabogados.com\/fr\/services\/avocats-pour-les-entreprises-et-les-independants-a-barcelone\/#breadcrumb\",\"itemListElement\":[{\"@type\":\"ListItem\",\"position\":1,\"name\":\"Portada\",\"item\":\"https:\/\/martinezcaballeroabogados.com\/fr\/avocats-a-barcelone\/\"},{\"@type\":\"ListItem\",\"position\":2,\"name\":\"Services\",\"item\":\"https:\/\/martinezcaballeroabogados.com\/fr\/services\/\"},{\"@type\":\"ListItem\",\"position\":3,\"name\":\"Avocats pour les entreprises et les ind\u00e9pendants \u00e0 Barcelone\"}]},{\"@type\":\"WebSite\",\"@id\":\"https:\/\/martinezcaballeroabogados.com\/fr\/#website\",\"url\":\"https:\/\/martinezcaballeroabogados.com\/fr\/\",\"name\":\"Martinez & Caballero Abogados\",\"description\":\"Cabinets d'avocats g\u00e9n\u00e9ralistes \u00e0 Barcelone\",\"publisher\":{\"@id\":\"https:\/\/martinezcaballeroabogados.com\/fr\/#organization\"},\"potentialAction\":[{\"@type\":\"SearchAction\",\"target\":{\"@type\":\"EntryPoint\",\"urlTemplate\":\"https:\/\/martinezcaballeroabogados.com\/fr\/?s={search_term_string}\"},\"query-input\":{\"@type\":\"PropertyValueSpecification\",\"valueRequired\":true,\"valueName\":\"search_term_string\"}}],\"inLanguage\":\"fr-FR\"},{\"@type\":\"Organization\",\"@id\":\"https:\/\/martinezcaballeroabogados.com\/fr\/#organization\",\"name\":\"Martinez & Caballero Abogados\",\"url\":\"https:\/\/martinezcaballeroabogados.com\/fr\/\",\"logo\":{\"@type\":\"ImageObject\",\"inLanguage\":\"fr-FR\",\"@id\":\"https:\/\/martinezcaballeroabogados.com\/fr\/#\/schema\/logo\/image\/\",\"url\":\"https:\/\/martinezcaballeroabogados.com\/wp-content\/uploads\/2020\/02\/cropped-cropped-logo-mc-abogados-web-1-e1497812507401-1.png\",\"contentUrl\":\"https:\/\/martinezcaballeroabogados.com\/wp-content\/uploads\/2020\/02\/cropped-cropped-logo-mc-abogados-web-1-e1497812507401-1.png\",\"width\":300,\"height\":150,\"caption\":\"Martinez & Caballero Abogados\"},\"image\":{\"@id\":\"https:\/\/martinezcaballeroabogados.com\/fr\/#\/schema\/logo\/image\/\"},\"sameAs\":[\"https:\/\/www.facebook.com\/martinezcaballeroabogados\/\",\"https:\/\/x.com\/MC_abogados_\",\"https:\/\/www.instagram.com\/extranjeriabarcelonaabogados\/\"]}]}<\/script>\n<!-- \/ Yoast SEO plugin. -->","yoast_head_json":{"title":"Avocats soci\u00e9t\u00e9s et ind\u00e9pendants - Martinez Caballero Abogados","description":"Mart\u00ednez Caballero Abogados est un cabinet d'avocats sp\u00e9cialis\u00e9 id\u00e9al pour les entreprises et les ind\u00e9pendants, nous travaillons avec d\u00e9vouement pour nos clients.","robots":{"index":"index","follow":"follow","max-snippet":"max-snippet:-1","max-image-preview":"max-image-preview:large","max-video-preview":"max-video-preview:-1"},"canonical":"https:\/\/martinezcaballeroabogados.com\/fr\/services\/avocats-pour-les-entreprises-et-les-independants-a-barcelone\/","og_locale":"fr_FR","og_type":"article","og_title":"Avocats soci\u00e9t\u00e9s et ind\u00e9pendants - Martinez Caballero Abogados","og_description":"Mart\u00ednez Caballero Abogados est un cabinet d'avocats sp\u00e9cialis\u00e9 id\u00e9al pour les entreprises et les ind\u00e9pendants, nous travaillons avec d\u00e9vouement pour nos clients.","og_url":"https:\/\/martinezcaballeroabogados.com\/fr\/services\/avocats-pour-les-entreprises-et-les-independants-a-barcelone\/","og_site_name":"Martinez Caballero Abogados","article_publisher":"https:\/\/www.facebook.com\/martinezcaballeroabogados\/","article_modified_time":"2024-12-01T13:43:06+00:00","og_image":[{"width":1980,"height":1320,"url":"https:\/\/martinezcaballeroabogados.com\/wp-content\/uploads\/2019\/02\/asesoria-legal-para-autonomos-empresas-pymes.webp","type":"image\/webp"}],"twitter_card":"summary_large_image","twitter_site":"@MC_abogados_","twitter_misc":{"Dur\u00e9e de lecture estim\u00e9e":"6 minutes"},"schema":{"@context":"https:\/\/schema.org","@graph":[{"@type":"WebPage","@id":"https:\/\/martinezcaballeroabogados.com\/fr\/services\/avocats-pour-les-entreprises-et-les-independants-a-barcelone\/","url":"https:\/\/martinezcaballeroabogados.com\/fr\/services\/avocats-pour-les-entreprises-et-les-independants-a-barcelone\/","name":"Avocats soci\u00e9t\u00e9s et ind\u00e9pendants - Martinez Caballero Abogados","isPartOf":{"@id":"https:\/\/martinezcaballeroabogados.com\/fr\/#website"},"primaryImageOfPage":{"@id":"https:\/\/martinezcaballeroabogados.com\/fr\/services\/avocats-pour-les-entreprises-et-les-independants-a-barcelone\/#primaryimage"},"image":{"@id":"https:\/\/martinezcaballeroabogados.com\/fr\/services\/avocats-pour-les-entreprises-et-les-independants-a-barcelone\/#primaryimage"},"thumbnailUrl":"https:\/\/martinezcaballeroabogados.com\/wp-content\/uploads\/2019\/02\/asesoria-legal-para-autonomos-empresas-pymes.webp","datePublished":"2019-02-22T13:22:35+00:00","dateModified":"2024-12-01T13:43:06+00:00","description":"Mart\u00ednez Caballero Abogados est un cabinet d'avocats sp\u00e9cialis\u00e9 id\u00e9al pour les entreprises et les ind\u00e9pendants, nous travaillons avec d\u00e9vouement pour nos clients.","breadcrumb":{"@id":"https:\/\/martinezcaballeroabogados.com\/fr\/services\/avocats-pour-les-entreprises-et-les-independants-a-barcelone\/#breadcrumb"},"inLanguage":"fr-FR","potentialAction":[{"@type":"ReadAction","target":["https:\/\/martinezcaballeroabogados.com\/fr\/services\/avocats-pour-les-entreprises-et-les-independants-a-barcelone\/"]}]},{"@type":"ImageObject","inLanguage":"fr-FR","@id":"https:\/\/martinezcaballeroabogados.com\/fr\/services\/avocats-pour-les-entreprises-et-les-independants-a-barcelone\/#primaryimage","url":"https:\/\/martinezcaballeroabogados.com\/wp-content\/uploads\/2019\/02\/asesoria-legal-para-autonomos-empresas-pymes.webp","contentUrl":"https:\/\/martinezcaballeroabogados.com\/wp-content\/uploads\/2019\/02\/asesoria-legal-para-autonomos-empresas-pymes.webp","width":1980,"height":1320,"caption":"Emprendedora caminando con una agenda en la mano"},{"@type":"BreadcrumbList","@id":"https:\/\/martinezcaballeroabogados.com\/fr\/services\/avocats-pour-les-entreprises-et-les-independants-a-barcelone\/#breadcrumb","itemListElement":[{"@type":"ListItem","position":1,"name":"Portada","item":"https:\/\/martinezcaballeroabogados.com\/fr\/avocats-a-barcelone\/"},{"@type":"ListItem","position":2,"name":"Services","item":"https:\/\/martinezcaballeroabogados.com\/fr\/services\/"},{"@type":"ListItem","position":3,"name":"Avocats pour les entreprises et les ind\u00e9pendants \u00e0 Barcelone"}]},{"@type":"WebSite","@id":"https:\/\/martinezcaballeroabogados.com\/fr\/#website","url":"https:\/\/martinezcaballeroabogados.com\/fr\/","name":"Martinez & Caballero Abogados","description":"Cabinets d'avocats g\u00e9n\u00e9ralistes \u00e0 Barcelone","publisher":{"@id":"https:\/\/martinezcaballeroabogados.com\/fr\/#organization"},"potentialAction":[{"@type":"SearchAction","target":{"@type":"EntryPoint","urlTemplate":"https:\/\/martinezcaballeroabogados.com\/fr\/?s={search_term_string}"},"query-input":{"@type":"PropertyValueSpecification","valueRequired":true,"valueName":"search_term_string"}}],"inLanguage":"fr-FR"},{"@type":"Organization","@id":"https:\/\/martinezcaballeroabogados.com\/fr\/#organization","name":"Martinez & Caballero Abogados","url":"https:\/\/martinezcaballeroabogados.com\/fr\/","logo":{"@type":"ImageObject","inLanguage":"fr-FR","@id":"https:\/\/martinezcaballeroabogados.com\/fr\/#\/schema\/logo\/image\/","url":"https:\/\/martinezcaballeroabogados.com\/wp-content\/uploads\/2020\/02\/cropped-cropped-logo-mc-abogados-web-1-e1497812507401-1.png","contentUrl":"https:\/\/martinezcaballeroabogados.com\/wp-content\/uploads\/2020\/02\/cropped-cropped-logo-mc-abogados-web-1-e1497812507401-1.png","width":300,"height":150,"caption":"Martinez & Caballero Abogados"},"image":{"@id":"https:\/\/martinezcaballeroabogados.com\/fr\/#\/schema\/logo\/image\/"},"sameAs":["https:\/\/www.facebook.com\/martinezcaballeroabogados\/","https:\/\/x.com\/MC_abogados_","https:\/\/www.instagram.com\/extranjeriabarcelonaabogados\/"]}]}},"_links":{"self":[{"href":"https:\/\/martinezcaballeroabogados.com\/fr\/wp-json\/wp\/v2\/cpt_services\/10057","targetHints":{"allow":["GET"]}}],"collection":[{"href":"https:\/\/martinezcaballeroabogados.com\/fr\/wp-json\/wp\/v2\/cpt_services"}],"about":[{"href":"https:\/\/martinezcaballeroabogados.com\/fr\/wp-json\/wp\/v2\/types\/cpt_services"}],"author":[{"embeddable":true,"href":"https:\/\/martinezcaballeroabogados.com\/fr\/wp-json\/wp\/v2\/users\/1"}],"replies":[{"embeddable":true,"href":"https:\/\/martinezcaballeroabogados.com\/fr\/wp-json\/wp\/v2\/comments?post=10057"}],"version-history":[{"count":4,"href":"https:\/\/martinezcaballeroabogados.com\/fr\/wp-json\/wp\/v2\/cpt_services\/10057\/revisions"}],"predecessor-version":[{"id":19802,"href":"https:\/\/martinezcaballeroabogados.com\/fr\/wp-json\/wp\/v2\/cpt_services\/10057\/revisions\/19802"}],"wp:featuredmedia":[{"embeddable":true,"href":"https:\/\/martinezcaballeroabogados.com\/fr\/wp-json\/wp\/v2\/media\/8056"}],"wp:attachment":[{"href":"https:\/\/martinezcaballeroabogados.com\/fr\/wp-json\/wp\/v2\/media?parent=10057"}],"wp:term":[{"taxonomy":"cpt_services_group","embeddable":true,"href":"https:\/\/martinezcaballeroabogados.com\/fr\/wp-json\/wp\/v2\/cpt_services_group?post=10057"}],"curies":[{"name":"wp","href":"https:\/\/api.w.org\/{rel}","templated":true}]}}